{"id":165,"date":"2022-12-13T23:03:27","date_gmt":"2022-12-13T23:03:27","guid":{"rendered":"https:\/\/nuestraorilla.co\/?page_id=165"},"modified":"2024-01-28T01:48:18","modified_gmt":"2024-01-28T01:48:18","slug":"acerca-del-proyecto","status":"publish","type":"page","link":"https:\/\/nuestraorilla.co\/en\/acerca-del-proyecto\/","title":{"rendered":"Acerca del proyecto"},"content":{"rendered":"<div data-elementor-type=\"wp-page\" data-elementor-id=\"165\" class=\"elementor elementor-165\" data-elementor-post-type=\"page\">\n\t\t\t\t<div class=\"elementor-element elementor-element-41850f63 e-flex e-con-boxed e-con e-parent\" data-id=\"41850f63\" data-element_type=\"container\" data-settings=\"{&quot;background_background&quot;:&quot;classic&quot;}\">\n\t\t\t\t\t<div class=\"e-con-inner\">\n\t\t<div class=\"elementor-element elementor-element-41059915 e-flex e-con-boxed e-con e-child\" data-id=\"41059915\" data-element_type=\"container\" data-settings=\"{&quot;background_background&quot;:&quot;classic&quot;}\">\n\t\t\t\t\t<div class=\"e-con-inner\">\n\t\t\t\t<div class=\"elementor-element elementor-element-9a27352 e-n-tabs-mobile elementor-widget elementor-widget-n-tabs\" data-id=\"9a27352\" data-element_type=\"widget\" data-widget_type=\"nested-tabs.default\">\n\t\t\t\t<div class=\"elementor-widget-container\">\n\t\t\t\t\t<div class=\"e-n-tabs\" data-widget-number=\"161641298\" aria-label=\"Tabs. Open items with Enter or Space, close with Escape and navigate using the Arrow keys.\">\n\t\t\t<div class=\"e-n-tabs-heading\" role=\"tablist\">\n\t\t\t\t\t<button id=\"e-n-tab-title-1616412981\" class=\"e-n-tab-title\" aria-selected=\"true\" data-tab-index=\"1\" role=\"tab\" tabindex=\"0\" aria-controls=\"e-n-tab-content-1616412981\" style=\"--n-tabs-title-order: 1;\">\n\t\t\t\t\t\t<span class=\"e-n-tab-title-text\">\n\t\t\t\tTHE PROJECT\t\t\t<\/span>\n\t\t<\/button>\n\t\t\t\t<button id=\"e-n-tab-title-1616412982\" class=\"e-n-tab-title\" aria-selected=\"false\" data-tab-index=\"2\" role=\"tab\" tabindex=\"-1\" aria-controls=\"e-n-tab-content-1616412982\" style=\"--n-tabs-title-order: 2;\">\n\t\t\t\t\t\t<span class=\"e-n-tab-title-text\">\n\t\t\t\tWHO WE ARE\t\t\t<\/span>\n\t\t<\/button>\n\t\t\t\t<button id=\"e-n-tab-title-1616412983\" class=\"e-n-tab-title\" aria-selected=\"false\" data-tab-index=\"3\" role=\"tab\" tabindex=\"-1\" aria-controls=\"e-n-tab-content-1616412983\" style=\"--n-tabs-title-order: 3;\">\n\t\t\t\t\t\t<span class=\"e-n-tab-title-text\">\n\t\t\t\tCREDITS\t\t\t<\/span>\n\t\t<\/button>\n\t\t\t\t\t<\/div>\n\t\t\t<div class=\"e-n-tabs-content\">\n\t\t\t\t<div id=\"e-n-tab-content-1616412981\" role=\"tabpanel\" aria-labelledby=\"e-n-tab-title-1616412981\" data-tab-index=\"1\" style=\"--n-tabs-title-order: 1;\" class=\"e-active elementor-element elementor-element-34795e4 e-con-full e-flex e-con e-child\" data-id=\"34795e4\" data-element_type=\"container\">\n\t\t\t\t<div class=\"elementor-element elementor-element-a9cd870 elementor-widget elementor-widget-heading\" data-id=\"a9cd870\" data-element_type=\"widget\" data-widget_type=\"heading.default\">\n\t\t\t\t<div class=\"elementor-widget-container\">\n\t\t\t<h1 class=\"elementor-heading-title elementor-size-default\">THE PROJECT<\/h1>\t\t<\/div>\n\t\t\t\t<\/div>\n\t\t\t\t<div class=\"elementor-element elementor-element-ae59c74 elementor-widget-divider--view-line elementor-widget elementor-widget-divider\" data-id=\"ae59c74\" data-element_type=\"widget\" data-widget_type=\"divider.default\">\n\t\t\t\t<div class=\"elementor-widget-container\">\n\t\t\t\t\t<div class=\"elementor-divider\">\n\t\t\t<span class=\"elementor-divider-separator\">\n\t\t\t\t\t\t<\/span>\n\t\t<\/div>\n\t\t\t\t<\/div>\n\t\t\t\t<\/div>\n\t\t\t\t<div class=\"elementor-element elementor-element-6fe52ff elementor-widget elementor-widget-text-editor\" data-id=\"6fe52ff\" data-element_type=\"widget\" data-widget_type=\"text-editor.default\">\n\t\t\t\t<div class=\"elementor-widget-container\">\n\t\t\t\t\t\t\t<p class=\" translation-block\"><em>Nuestra Orilla<\/em>  is an eight-episode audio series that tells the story of the lower Atrato, a region in the northern Colombian Department of Choc\u00f3, from the perspectives of its inhabitants and through the life story of its narrator: Ana Luisa Ram\u00edrez Fl\u00f3rez.<\/p><p>The story\u2013told in the voices of the women and men from a community that is seldom listened to and is often represented as backward\u2013illuminates the interconnections between past and present forms of violence and exclusion. It also examines the strategies of the protagonists of the story to combat injustice, and to live with dignity in their territory.<\/p><p class=\" translation-block\"><em>Nuestra Orilla<\/em> challenges the location, temporalities, and methodologies used to tell the histories of violence in Colombia, in the hopes of producing counter-histories that can help repair the ways in which we relate to each other and to our surroundings. In order to amplify the reach of the voices of the lower Atrato and contribute through our story to the formation of critical citizenship among the next generation, our podcast is accompanied by lesson plans available to teachers whose classroom projects resonate with them.<\/p>\t\t\t\t\t\t<\/div>\n\t\t\t\t<\/div>\n\t\t\t\t<\/div>\n\t\t<div id=\"e-n-tab-content-1616412982\" role=\"tabpanel\" aria-labelledby=\"e-n-tab-title-1616412982\" data-tab-index=\"2\" style=\"--n-tabs-title-order: 2;\" class=\"elementor-element elementor-element-89f684c e-con-full e-flex e-con e-child\" data-id=\"89f684c\" data-element_type=\"container\">\n\t\t\t\t<div class=\"elementor-element elementor-element-5e0b859 elementor-widget elementor-widget-heading\" data-id=\"5e0b859\" data-element_type=\"widget\" data-widget_type=\"heading.default\">\n\t\t\t\t<div class=\"elementor-widget-container\">\n\t\t\t<h1 class=\"elementor-heading-title elementor-size-default\">WHO WE ARE<\/h1>\t\t<\/div>\n\t\t\t\t<\/div>\n\t\t\t\t<div class=\"elementor-element elementor-element-c38fffe elementor-widget-divider--view-line elementor-widget elementor-widget-divider\" data-id=\"c38fffe\" data-element_type=\"widget\" data-widget_type=\"divider.default\">\n\t\t\t\t<div class=\"elementor-widget-container\">\n\t\t\t\t\t<div class=\"elementor-divider\">\n\t\t\t<span class=\"elementor-divider-separator\">\n\t\t\t\t\t\t<\/span>\n\t\t<\/div>\n\t\t\t\t<\/div>\n\t\t\t\t<\/div>\n\t\t\t\t<div class=\"elementor-element elementor-element-4dd6125 elementor-widget elementor-widget-text-editor\" data-id=\"4dd6125\" data-element_type=\"widget\" data-widget_type=\"text-editor.default\">\n\t\t\t\t<div class=\"elementor-widget-container\">\n\t\t\t\t\t\t\t<p>We are a team that brings together and honors different experiences, knowledge, and skills under the premise that stories are powerful: they can produce and perpetuate social relations of exclusion, but they can also challenge them and contribute to the creation of alternative futures of social justice.<\/p><p>This podcast, together with its accompanying curriculum and website, are the product of a collaborative research and creation process carried out by:<\/p><ul><li><strong>Ana Luisa Ram\u00edrez Fl\u00f3rez<\/strong> and <strong>Jenry Serna C\u00f3rdoba<\/strong>, Afro-Colombian social leaders from the Bajo Atrato region, committed to community work and founders of <a href=\"https:\/\/www.facebook.com\/profile.php?id=100092883704747\" target=\"_blank\" rel=\"noopener\">Ronca el Canalete<\/a>, a training school in leadership and communication skills.<\/li><li><a href=\"https:\/\/academia.uniandes.edu.co\/AcademyCv\/c.munoz2017\" target=\"_blank\" rel=\"noopener\"><strong>Catalina Mu\u00f1oz Rojas<\/strong><\/a>, history professor at the Universidad de los Andes and co-founder of the project Historias para lo que viene which applies historical thinking and historical narrative to the building of more just futures.<\/li><li><strong><a href=\"https:\/\/www.mcgill.ca\/anthropology\/people\/daniel-ruiz-serna\" target=\"_blank\" rel=\"noopener\">Daniel Ruiz-Serna<\/a> <\/strong>professor of anthropology at McGill University. His research on Bajo Atrato has been awarded the Julian Steward Prize by the Anthropology &amp; Environment Society of the American Anthropological Association. Additionally, he received an Honorable Mention for the Best Book by a Scholar from the Global South, presented by the International Studies Association\u2019s (ISA) Peace Studies Section.<\/li><li><a href=\"https:\/\/colectivanormal.com\/\" target=\"_blank\" rel=\"noopener\"><strong>colectiva normal<\/strong><\/a>, a group of documentary makers, researches, designers and academics devoted to creating and disseminating high-quality narrative projects and collaborative production methodologies that generate social impact;<\/li><li><strong>Helga Moreno Collantes<\/strong>,  communicator, journalist and teacher at the Instituci\u00f3n Educativa Rural San Miguel del Tigre in Yond\u00f3, Antioquia, experienced in the creation of pedagogical materials for radio;<\/li><li><strong>Fernando Alberto G\u00e1lvez Rodr\u00edguez<\/strong>, anthropologist, sociologist and teacher at the Escuela Normal Superior Miguel de Cervantes Saavedra in Guacar\u00ed, Valle del Cauca, experienced in the use of art and media for the teaching and learning of citizenship competencies;<\/li><\/ul>\t\t\t\t\t\t<\/div>\n\t\t\t\t<\/div>\n\t\t\t\t<div class=\"elementor-element elementor-element-ae400b8 elementor-widget elementor-widget-text-editor\" data-id=\"ae400b8\" data-element_type=\"widget\" data-widget_type=\"text-editor.default\">\n\t\t\t\t<div class=\"elementor-widget-container\">\n\t\t\t\t\t\t\t<p>Our project is funded by Open Society University Network (<a href=\"https:\/\/opensocietyuniversitynetwork.org\/\" target=\"_blank\" rel=\"noopener\">OSUN<\/a>) and Education Justice and Memory Network (<a href=\"https:\/\/edjam.network\/\" target=\"_blank\" rel=\"noopener\">EdJAM<\/a>).<\/p>\t\t\t\t\t\t<\/div>\n\t\t\t\t<\/div>\n\t\t\t\t<\/div>\n\t\t<div id=\"e-n-tab-content-1616412983\" role=\"tabpanel\" aria-labelledby=\"e-n-tab-title-1616412983\" data-tab-index=\"3\" style=\"--n-tabs-title-order: 3;\" class=\"elementor-element elementor-element-16cc515 e-con-full e-flex e-con e-child\" data-id=\"16cc515\" data-element_type=\"container\">\n\t\t\t\t<div class=\"elementor-element elementor-element-7b11782 elementor-widget elementor-widget-heading\" data-id=\"7b11782\" data-element_type=\"widget\" data-widget_type=\"heading.default\">\n\t\t\t\t<div class=\"elementor-widget-container\">\n\t\t\t<h1 class=\"elementor-heading-title elementor-size-default\">CREDITS<\/h1>\t\t<\/div>\n\t\t\t\t<\/div>\n\t\t\t\t<div class=\"elementor-element elementor-element-860734b elementor-widget-divider--view-line elementor-widget elementor-widget-divider\" data-id=\"860734b\" data-element_type=\"widget\" data-widget_type=\"divider.default\">\n\t\t\t\t<div class=\"elementor-widget-container\">\n\t\t\t\t\t<div class=\"elementor-divider\">\n\t\t\t<span class=\"elementor-divider-separator\">\n\t\t\t\t\t\t<\/span>\n\t\t<\/div>\n\t\t\t\t<\/div>\n\t\t\t\t<\/div>\n\t\t\t\t<div class=\"elementor-element elementor-element-5973c07 elementor-widget elementor-widget-heading\" data-id=\"5973c07\" data-element_type=\"widget\" data-widget_type=\"heading.default\">\n\t\t\t\t<div class=\"elementor-widget-container\">\n\t\t\t<h2 class=\"elementor-heading-title elementor-size-default\">PODCAST<\/h2>\t\t<\/div>\n\t\t\t\t<\/div>\n\t\t\t\t<div class=\"elementor-element elementor-element-b821c1a elementor-widget elementor-widget-text-editor\" data-id=\"b821c1a\" data-element_type=\"widget\" data-widget_type=\"text-editor.default\">\n\t\t\t\t<div class=\"elementor-widget-container\">\n\t\t\t\t\t\t\t<p>Executive Producer: <strong>Catalina Mu\u00f1oz Rojas<br \/><\/strong>Script writing: <strong>Daniel Ruiz-Serna<\/strong><br \/>Research: <strong>Daniel Ruiz-Serna <\/strong>and<strong> Catalina Mu\u00f1oz Rojas<\/strong> <br \/>Editor:<strong> Andrea D\u00edaz Cardona<\/strong><br \/>Host: <strong>Ana Luisa Ram\u00edrez Fl\u00f3rez<\/strong><br \/>Field Production: <strong>Jenry Serna C\u00f3rdoba <\/strong>and<strong> Ana Luisa Ram\u00edrez Fl\u00f3rez<\/strong><br \/>Sound design and mixing:<strong> Paula Pe\u00f1a<\/strong><br \/>Original music: <strong>IndianSommer<\/strong><\/p>\t\t\t\t\t\t<\/div>\n\t\t\t\t<\/div>\n\t\t\t\t<div class=\"elementor-element elementor-element-c31e18f elementor-widget-divider--view-line elementor-widget elementor-widget-divider\" data-id=\"c31e18f\" data-element_type=\"widget\" data-widget_type=\"divider.default\">\n\t\t\t\t<div class=\"elementor-widget-container\">\n\t\t\t\t\t<div class=\"elementor-divider\">\n\t\t\t<span class=\"elementor-divider-separator\">\n\t\t\t\t\t\t<\/span>\n\t\t<\/div>\n\t\t\t\t<\/div>\n\t\t\t\t<\/div>\n\t\t\t\t<div class=\"elementor-element elementor-element-96af2ad elementor-widget elementor-widget-heading\" data-id=\"96af2ad\" data-element_type=\"widget\" data-widget_type=\"heading.default\">\n\t\t\t\t<div class=\"elementor-widget-container\">\n\t\t\t<h2 class=\"elementor-heading-title elementor-size-default\">WEBSITE AND GRAPHIC DESIGN<\/h2>\t\t<\/div>\n\t\t\t\t<\/div>\n\t\t\t\t<div class=\"elementor-element elementor-element-e350aec elementor-widget elementor-widget-text-editor\" data-id=\"e350aec\" data-element_type=\"widget\" data-widget_type=\"text-editor.default\">\n\t\t\t\t<div class=\"elementor-widget-container\">\n\t\t\t\t\t\t\t<p>Art Director: <strong>Seluna Fernandez<\/strong> <br \/>Web Designer: <strong>Seluna Fernandez<\/strong> <br \/>Web Design Assistant: <strong>Paula Cano<\/strong><br \/>Illustrator:<strong> Miguel S\u00e1nchez<\/strong><\/p>\t\t\t\t\t\t<\/div>\n\t\t\t\t<\/div>\n\t\t\t\t<div class=\"elementor-element elementor-element-11ec675 elementor-widget-divider--view-line elementor-widget elementor-widget-divider\" data-id=\"11ec675\" data-element_type=\"widget\" data-widget_type=\"divider.default\">\n\t\t\t\t<div class=\"elementor-widget-container\">\n\t\t\t\t\t<div class=\"elementor-divider\">\n\t\t\t<span class=\"elementor-divider-separator\">\n\t\t\t\t\t\t<\/span>\n\t\t<\/div>\n\t\t\t\t<\/div>\n\t\t\t\t<\/div>\n\t\t\t\t<div class=\"elementor-element elementor-element-fb790cf elementor-widget elementor-widget-heading\" data-id=\"fb790cf\" data-element_type=\"widget\" data-widget_type=\"heading.default\">\n\t\t\t\t<div class=\"elementor-widget-container\">\n\t\t\t<h2 class=\"elementor-heading-title elementor-size-default\">CURRICULUM<\/h2>\t\t<\/div>\n\t\t\t\t<\/div>\n\t\t\t\t<div class=\"elementor-element elementor-element-e8c8ae7 elementor-widget elementor-widget-text-editor\" data-id=\"e8c8ae7\" data-element_type=\"widget\" data-widget_type=\"text-editor.default\">\n\t\t\t\t<div class=\"elementor-widget-container\">\n\t\t\t\t\t\t\t<p>Curriculum design: <strong>Helga Moreno Collantes, Fernando G\u00e1lvez Rodr\u00edguez <\/strong>and <strong>Catalina Mu\u00f1oz Rojas<\/strong><\/p>\t\t\t\t\t\t<\/div>\n\t\t\t\t<\/div>\n\t\t\t\t<div class=\"elementor-element elementor-element-92ef8c2 elementor-widget-divider--view-line elementor-widget elementor-widget-divider\" data-id=\"92ef8c2\" data-element_type=\"widget\" data-widget_type=\"divider.default\">\n\t\t\t\t<div class=\"elementor-widget-container\">\n\t\t\t\t\t<div class=\"elementor-divider\">\n\t\t\t<span class=\"elementor-divider-separator\">\n\t\t\t\t\t\t<\/span>\n\t\t<\/div>\n\t\t\t\t<\/div>\n\t\t\t\t<\/div>\n\t\t\t\t<div class=\"elementor-element elementor-element-912961e elementor-widget elementor-widget-heading\" data-id=\"912961e\" data-element_type=\"widget\" data-widget_type=\"heading.default\">\n\t\t\t\t<div class=\"elementor-widget-container\">\n\t\t\t<h2 class=\"elementor-heading-title elementor-size-default\">RESEARCH ASSISTANTS<\/h2>\t\t<\/div>\n\t\t\t\t<\/div>\n\t\t\t\t<div class=\"elementor-element elementor-element-95ee2d4 elementor-widget elementor-widget-text-editor\" data-id=\"95ee2d4\" data-element_type=\"widget\" data-widget_type=\"text-editor.default\">\n\t\t\t\t<div class=\"elementor-widget-container\">\n\t\t\t\t\t\t\t<p>Sara Rubio Botero<br \/>Valeria Borrero Ramos<br \/>Laura Hern\u00e1ndez Vargas<br \/>Alejandra Kerguel\u00e9n<\/p>\t\t\t\t\t\t<\/div>\n\t\t\t\t<\/div>\n\t\t\t\t<div class=\"elementor-element elementor-element-7bd877f elementor-widget-divider--view-line elementor-widget elementor-widget-divider\" data-id=\"7bd877f\" data-element_type=\"widget\" data-widget_type=\"divider.default\">\n\t\t\t\t<div class=\"elementor-widget-container\">\n\t\t\t\t\t<div class=\"elementor-divider\">\n\t\t\t<span class=\"elementor-divider-separator\">\n\t\t\t\t\t\t<\/span>\n\t\t<\/div>\n\t\t\t\t<\/div>\n\t\t\t\t<\/div>\n\t\t\t\t<div class=\"elementor-element elementor-element-8eff038 elementor-widget elementor-widget-heading\" data-id=\"8eff038\" data-element_type=\"widget\" data-widget_type=\"heading.default\">\n\t\t\t\t<div class=\"elementor-widget-container\">\n\t\t\t<h2 class=\"elementor-heading-title elementor-size-default\">SPECIAL THANKS TO<\/h2>\t\t<\/div>\n\t\t\t\t<\/div>\n\t\t\t\t<div class=\"elementor-element elementor-element-44dcdfb elementor-widget elementor-widget-text-editor\" data-id=\"44dcdfb\" data-element_type=\"widget\" data-widget_type=\"text-editor.default\">\n\t\t\t\t<div class=\"elementor-widget-container\">\n\t\t\t\t\t\t\t<p><strong>Claudia Leal.<\/strong> Department of History and Geography, Universidad de los Andes. <br \/><strong>Nancy Palacios Mena.<\/strong> School of Education, Universidad de los Andes.<\/p>\t\t\t\t\t\t<\/div>\n\t\t\t\t<\/div>\n\t\t\t\t<div class=\"elementor-element elementor-element-c966086 elementor-widget-divider--view-line elementor-widget elementor-widget-divider\" data-id=\"c966086\" data-element_type=\"widget\" data-widget_type=\"divider.default\">\n\t\t\t\t<div class=\"elementor-widget-container\">\n\t\t\t\t\t<div class=\"elementor-divider\">\n\t\t\t<span class=\"elementor-divider-separator\">\n\t\t\t\t\t\t<\/span>\n\t\t<\/div>\n\t\t\t\t<\/div>\n\t\t\t\t<\/div>\n\t\t\t\t<div class=\"elementor-element elementor-element-6fcf613 elementor-widget elementor-widget-heading\" data-id=\"6fcf613\" data-element_type=\"widget\" data-widget_type=\"heading.default\">\n\t\t\t\t<div class=\"elementor-widget-container\">\n\t\t\t<h2 class=\"elementor-heading-title elementor-size-default\">INTERVIEWEES<\/h2>\t\t<\/div>\n\t\t\t\t<\/div>\n\t\t\t\t<div class=\"elementor-element elementor-element-0793670 elementor-widget elementor-widget-toggle\" data-id=\"0793670\" data-element_type=\"widget\" data-widget_type=\"toggle.default\">\n\t\t\t\t<div class=\"elementor-widget-container\">\n\t\t\t\t\t<div class=\"elementor-toggle\">\n\t\t\t\t\t\t\t<div class=\"elementor-toggle-item\">\n\t\t\t\t\t<div id=\"elementor-tab-title-7941\" class=\"elementor-tab-title\" data-tab=\"1\" role=\"button\" aria-controls=\"elementor-tab-content-7941\" aria-expanded=\"false\">\n\t\t\t\t\t\t\t\t\t\t\t\t<span class=\"elementor-toggle-icon elementor-toggle-icon-left\" aria-hidden=\"true\">\n\t\t\t\t\t\t\t\t\t\t\t\t\t\t\t<span class=\"elementor-toggle-icon-closed\"><svg class=\"e-font-icon-svg e-fas-caret-down\" viewbox=\"0 0 320 512\" xmlns=\"http:\/\/www.w3.org\/2000\/svg\"><path d=\"M31.3 192h257.3c17.8 0 26.7 21.5 14.1 34.1L174.1 354.8c-7.8 7.8-20.5 7.8-28.3 0L17.2 226.1C4.6 213.5 13.5 192 31.3 192z\"><\/path><\/svg><\/span>\n\t\t\t\t\t\t\t\t<span class=\"elementor-toggle-icon-opened\"><svg class=\"elementor-toggle-icon-opened e-font-icon-svg e-fas-angle-up\" viewbox=\"0 0 320 512\" xmlns=\"http:\/\/www.w3.org\/2000\/svg\"><path d=\"M177 159.7l136 136c9.4 9.4 9.4 24.6 0 33.9l-22.6 22.6c-9.4 9.4-24.6 9.4-33.9 0L160 255.9l-96.4 96.4c-9.4 9.4-24.6 9.4-33.9 0L7 329.7c-9.4-9.4-9.4-24.6 0-33.9l136-136c9.4-9.5 24.6-9.5 34-.1z\"><\/path><\/svg><\/span>\n\t\t\t\t\t\t\t\t\t\t\t\t\t<\/span>\n\t\t\t\t\t\t\t\t\t\t\t\t<a class=\"elementor-toggle-title\" tabindex=\"0\">EPISODE 2<\/a>\n\t\t\t\t\t<\/div>\n\n\t\t\t\t\t<div id=\"elementor-tab-content-7941\" class=\"elementor-tab-content elementor-clearfix\" data-tab=\"1\" role=\"region\" aria-labelledby=\"elementor-tab-title-7941\"><p>Concepci\u00f3n Fl\u00f3rez Raga<br \/>Manuel Ram\u00edrez Ram\u00edrez<\/p><\/div>\n\t\t\t\t<\/div>\n\t\t\t\t\t\t\t<div class=\"elementor-toggle-item\">\n\t\t\t\t\t<div id=\"elementor-tab-title-7942\" class=\"elementor-tab-title\" data-tab=\"2\" role=\"button\" aria-controls=\"elementor-tab-content-7942\" aria-expanded=\"false\">\n\t\t\t\t\t\t\t\t\t\t\t\t<span class=\"elementor-toggle-icon elementor-toggle-icon-left\" aria-hidden=\"true\">\n\t\t\t\t\t\t\t\t\t\t\t\t\t\t\t<span class=\"elementor-toggle-icon-closed\"><svg class=\"e-font-icon-svg e-fas-caret-down\" viewbox=\"0 0 320 512\" xmlns=\"http:\/\/www.w3.org\/2000\/svg\"><path d=\"M31.3 192h257.3c17.8 0 26.7 21.5 14.1 34.1L174.1 354.8c-7.8 7.8-20.5 7.8-28.3 0L17.2 226.1C4.6 213.5 13.5 192 31.3 192z\"><\/path><\/svg><\/span>\n\t\t\t\t\t\t\t\t<span class=\"elementor-toggle-icon-opened\"><svg class=\"elementor-toggle-icon-opened e-font-icon-svg e-fas-angle-up\" viewbox=\"0 0 320 512\" xmlns=\"http:\/\/www.w3.org\/2000\/svg\"><path d=\"M177 159.7l136 136c9.4 9.4 9.4 24.6 0 33.9l-22.6 22.6c-9.4 9.4-24.6 9.4-33.9 0L160 255.9l-96.4 96.4c-9.4 9.4-24.6 9.4-33.9 0L7 329.7c-9.4-9.4-9.4-24.6 0-33.9l136-136c9.4-9.5 24.6-9.5 34-.1z\"><\/path><\/svg><\/span>\n\t\t\t\t\t\t\t\t\t\t\t\t\t<\/span>\n\t\t\t\t\t\t\t\t\t\t\t\t<a class=\"elementor-toggle-title\" tabindex=\"0\">EPISODE 3<\/a>\n\t\t\t\t\t<\/div>\n\n\t\t\t\t\t<div id=\"elementor-tab-content-7942\" class=\"elementor-tab-content elementor-clearfix\" data-tab=\"2\" role=\"region\" aria-labelledby=\"elementor-tab-title-7942\"><p>Secundina Correa Pineda<br \/>Orfelina Palacio Palacio<br \/>Jenry Serna C\u00f3rdoba<br \/>Angelina Baniama<br \/>Amancio Valoyes<br \/>Rosa Ram\u00edrez Fl\u00f3rez<br \/>Mar\u00eda Marlenis Moreno<\/p><\/div>\n\t\t\t\t<\/div>\n\t\t\t\t\t\t\t<div class=\"elementor-toggle-item\">\n\t\t\t\t\t<div id=\"elementor-tab-title-7943\" class=\"elementor-tab-title\" data-tab=\"3\" role=\"button\" aria-controls=\"elementor-tab-content-7943\" aria-expanded=\"false\">\n\t\t\t\t\t\t\t\t\t\t\t\t<span class=\"elementor-toggle-icon elementor-toggle-icon-left\" aria-hidden=\"true\">\n\t\t\t\t\t\t\t\t\t\t\t\t\t\t\t<span class=\"elementor-toggle-icon-closed\"><svg class=\"e-font-icon-svg e-fas-caret-down\" viewbox=\"0 0 320 512\" xmlns=\"http:\/\/www.w3.org\/2000\/svg\"><path d=\"M31.3 192h257.3c17.8 0 26.7 21.5 14.1 34.1L174.1 354.8c-7.8 7.8-20.5 7.8-28.3 0L17.2 226.1C4.6 213.5 13.5 192 31.3 192z\"><\/path><\/svg><\/span>\n\t\t\t\t\t\t\t\t<span class=\"elementor-toggle-icon-opened\"><svg class=\"elementor-toggle-icon-opened e-font-icon-svg e-fas-angle-up\" viewbox=\"0 0 320 512\" xmlns=\"http:\/\/www.w3.org\/2000\/svg\"><path d=\"M177 159.7l136 136c9.4 9.4 9.4 24.6 0 33.9l-22.6 22.6c-9.4 9.4-24.6 9.4-33.9 0L160 255.9l-96.4 96.4c-9.4 9.4-24.6 9.4-33.9 0L7 329.7c-9.4-9.4-9.4-24.6 0-33.9l136-136c9.4-9.5 24.6-9.5 34-.1z\"><\/path><\/svg><\/span>\n\t\t\t\t\t\t\t\t\t\t\t\t\t<\/span>\n\t\t\t\t\t\t\t\t\t\t\t\t<a class=\"elementor-toggle-title\" tabindex=\"0\">EPISODE 4<\/a>\n\t\t\t\t\t<\/div>\n\n\t\t\t\t\t<div id=\"elementor-tab-content-7943\" class=\"elementor-tab-content elementor-clearfix\" data-tab=\"3\" role=\"region\" aria-labelledby=\"elementor-tab-title-7943\"><p>Gildardo Ram\u00edrez Arias<br \/>Jos\u00e9 Manuel Ram\u00edrez Fl\u00f3rez<\/p><\/div>\n\t\t\t\t<\/div>\n\t\t\t\t\t\t\t<div class=\"elementor-toggle-item\">\n\t\t\t\t\t<div id=\"elementor-tab-title-7944\" class=\"elementor-tab-title\" data-tab=\"4\" role=\"button\" aria-controls=\"elementor-tab-content-7944\" aria-expanded=\"false\">\n\t\t\t\t\t\t\t\t\t\t\t\t<span class=\"elementor-toggle-icon elementor-toggle-icon-left\" aria-hidden=\"true\">\n\t\t\t\t\t\t\t\t\t\t\t\t\t\t\t<span class=\"elementor-toggle-icon-closed\"><svg class=\"e-font-icon-svg e-fas-caret-down\" viewbox=\"0 0 320 512\" xmlns=\"http:\/\/www.w3.org\/2000\/svg\"><path d=\"M31.3 192h257.3c17.8 0 26.7 21.5 14.1 34.1L174.1 354.8c-7.8 7.8-20.5 7.8-28.3 0L17.2 226.1C4.6 213.5 13.5 192 31.3 192z\"><\/path><\/svg><\/span>\n\t\t\t\t\t\t\t\t<span class=\"elementor-toggle-icon-opened\"><svg class=\"elementor-toggle-icon-opened e-font-icon-svg e-fas-angle-up\" viewbox=\"0 0 320 512\" xmlns=\"http:\/\/www.w3.org\/2000\/svg\"><path d=\"M177 159.7l136 136c9.4 9.4 9.4 24.6 0 33.9l-22.6 22.6c-9.4 9.4-24.6 9.4-33.9 0L160 255.9l-96.4 96.4c-9.4 9.4-24.6 9.4-33.9 0L7 329.7c-9.4-9.4-9.4-24.6 0-33.9l136-136c9.4-9.5 24.6-9.5 34-.1z\"><\/path><\/svg><\/span>\n\t\t\t\t\t\t\t\t\t\t\t\t\t<\/span>\n\t\t\t\t\t\t\t\t\t\t\t\t<a class=\"elementor-toggle-title\" tabindex=\"0\">EPISODE 5<\/a>\n\t\t\t\t\t<\/div>\n\n\t\t\t\t\t<div id=\"elementor-tab-content-7944\" class=\"elementor-tab-content elementor-clearfix\" data-tab=\"4\" role=\"region\" aria-labelledby=\"elementor-tab-title-7944\"><p>Luis Octavio Mart\u00ednez C\u00f3rdoba<br \/>Desis Martina Ibarguen Rodr\u00edguez<br \/>Claribet Patricia C\u00f3rdoba Palacios<br \/>Jesucita Mart\u00ednez C\u00f3rdoba<\/p><\/div>\n\t\t\t\t<\/div>\n\t\t\t\t\t\t\t<div class=\"elementor-toggle-item\">\n\t\t\t\t\t<div id=\"elementor-tab-title-7945\" class=\"elementor-tab-title\" data-tab=\"5\" role=\"button\" aria-controls=\"elementor-tab-content-7945\" aria-expanded=\"false\">\n\t\t\t\t\t\t\t\t\t\t\t\t<span class=\"elementor-toggle-icon elementor-toggle-icon-left\" aria-hidden=\"true\">\n\t\t\t\t\t\t\t\t\t\t\t\t\t\t\t<span class=\"elementor-toggle-icon-closed\"><svg class=\"e-font-icon-svg e-fas-caret-down\" viewbox=\"0 0 320 512\" xmlns=\"http:\/\/www.w3.org\/2000\/svg\"><path d=\"M31.3 192h257.3c17.8 0 26.7 21.5 14.1 34.1L174.1 354.8c-7.8 7.8-20.5 7.8-28.3 0L17.2 226.1C4.6 213.5 13.5 192 31.3 192z\"><\/path><\/svg><\/span>\n\t\t\t\t\t\t\t\t<span class=\"elementor-toggle-icon-opened\"><svg class=\"elementor-toggle-icon-opened e-font-icon-svg e-fas-angle-up\" viewbox=\"0 0 320 512\" xmlns=\"http:\/\/www.w3.org\/2000\/svg\"><path d=\"M177 159.7l136 136c9.4 9.4 9.4 24.6 0 33.9l-22.6 22.6c-9.4 9.4-24.6 9.4-33.9 0L160 255.9l-96.4 96.4c-9.4 9.4-24.6 9.4-33.9 0L7 329.7c-9.4-9.4-9.4-24.6 0-33.9l136-136c9.4-9.5 24.6-9.5 34-.1z\"><\/path><\/svg><\/span>\n\t\t\t\t\t\t\t\t\t\t\t\t\t<\/span>\n\t\t\t\t\t\t\t\t\t\t\t\t<a class=\"elementor-toggle-title\" tabindex=\"0\">EPISODE 6<\/a>\n\t\t\t\t\t<\/div>\n\n\t\t\t\t\t<div id=\"elementor-tab-content-7945\" class=\"elementor-tab-content elementor-clearfix\" data-tab=\"5\" role=\"region\" aria-labelledby=\"elementor-tab-title-7945\"><p>Jesucita Mart\u00ednez C\u00f3rdoba<br \/>Luis Octavio Mart\u00ednez C\u00f3rdoba<\/p><\/div>\n\t\t\t\t<\/div>\n\t\t\t\t\t\t\t<div class=\"elementor-toggle-item\">\n\t\t\t\t\t<div id=\"elementor-tab-title-7946\" class=\"elementor-tab-title\" data-tab=\"6\" role=\"button\" aria-controls=\"elementor-tab-content-7946\" aria-expanded=\"false\">\n\t\t\t\t\t\t\t\t\t\t\t\t<span class=\"elementor-toggle-icon elementor-toggle-icon-left\" aria-hidden=\"true\">\n\t\t\t\t\t\t\t\t\t\t\t\t\t\t\t<span class=\"elementor-toggle-icon-closed\"><svg class=\"e-font-icon-svg e-fas-caret-down\" viewbox=\"0 0 320 512\" xmlns=\"http:\/\/www.w3.org\/2000\/svg\"><path d=\"M31.3 192h257.3c17.8 0 26.7 21.5 14.1 34.1L174.1 354.8c-7.8 7.8-20.5 7.8-28.3 0L17.2 226.1C4.6 213.5 13.5 192 31.3 192z\"><\/path><\/svg><\/span>\n\t\t\t\t\t\t\t\t<span class=\"elementor-toggle-icon-opened\"><svg class=\"elementor-toggle-icon-opened e-font-icon-svg e-fas-angle-up\" viewbox=\"0 0 320 512\" xmlns=\"http:\/\/www.w3.org\/2000\/svg\"><path d=\"M177 159.7l136 136c9.4 9.4 9.4 24.6 0 33.9l-22.6 22.6c-9.4 9.4-24.6 9.4-33.9 0L160 255.9l-96.4 96.4c-9.4 9.4-24.6 9.4-33.9 0L7 329.7c-9.4-9.4-9.4-24.6 0-33.9l136-136c9.4-9.5 24.6-9.5 34-.1z\"><\/path><\/svg><\/span>\n\t\t\t\t\t\t\t\t\t\t\t\t\t<\/span>\n\t\t\t\t\t\t\t\t\t\t\t\t<a class=\"elementor-toggle-title\" tabindex=\"0\">EPISODE 7<\/a>\n\t\t\t\t\t<\/div>\n\n\t\t\t\t\t<div id=\"elementor-tab-content-7946\" class=\"elementor-tab-content elementor-clearfix\" data-tab=\"6\" role=\"region\" aria-labelledby=\"elementor-tab-title-7946\"><p>Ernesto Ram\u00edrez Fl\u00f3rez<br \/>Emilson Palacios Moreno<br \/>Sebasti\u00e1n Mena<br \/>Mar\u00eda Eleuteria Perea<\/p><\/div>\n\t\t\t\t<\/div>\n\t\t\t\t\t\t\t<div class=\"elementor-toggle-item\">\n\t\t\t\t\t<div id=\"elementor-tab-title-7947\" class=\"elementor-tab-title\" data-tab=\"7\" role=\"button\" aria-controls=\"elementor-tab-content-7947\" aria-expanded=\"false\">\n\t\t\t\t\t\t\t\t\t\t\t\t<span class=\"elementor-toggle-icon elementor-toggle-icon-left\" aria-hidden=\"true\">\n\t\t\t\t\t\t\t\t\t\t\t\t\t\t\t<span class=\"elementor-toggle-icon-closed\"><svg class=\"e-font-icon-svg e-fas-caret-down\" viewbox=\"0 0 320 512\" xmlns=\"http:\/\/www.w3.org\/2000\/svg\"><path d=\"M31.3 192h257.3c17.8 0 26.7 21.5 14.1 34.1L174.1 354.8c-7.8 7.8-20.5 7.8-28.3 0L17.2 226.1C4.6 213.5 13.5 192 31.3 192z\"><\/path><\/svg><\/span>\n\t\t\t\t\t\t\t\t<span class=\"elementor-toggle-icon-opened\"><svg class=\"elementor-toggle-icon-opened e-font-icon-svg e-fas-angle-up\" viewbox=\"0 0 320 512\" xmlns=\"http:\/\/www.w3.org\/2000\/svg\"><path d=\"M177 159.7l136 136c9.4 9.4 9.4 24.6 0 33.9l-22.6 22.6c-9.4 9.4-24.6 9.4-33.9 0L160 255.9l-96.4 96.4c-9.4 9.4-24.6 9.4-33.9 0L7 329.7c-9.4-9.4-9.4-24.6 0-33.9l136-136c9.4-9.5 24.6-9.5 34-.1z\"><\/path><\/svg><\/span>\n\t\t\t\t\t\t\t\t\t\t\t\t\t<\/span>\n\t\t\t\t\t\t\t\t\t\t\t\t<a class=\"elementor-toggle-title\" tabindex=\"0\">EPISODE 8<\/a>\n\t\t\t\t\t<\/div>\n\n\t\t\t\t\t<div id=\"elementor-tab-content-7947\" class=\"elementor-tab-content elementor-clearfix\" data-tab=\"7\" role=\"region\" aria-labelledby=\"elementor-tab-title-7947\"><p>Mar\u00eda Eleuteria Perea Ram\u00edrez<br \/>Ana Rosa D\u00edaz D\u00edaz<br \/>Luis Fernando Palacios Ram\u00edrez<br \/>Luz Mary Mosquera Mart\u00ednez<br \/>Carlos Mario Mena<\/p><\/div>\n\t\t\t\t<\/div>\n\t\t\t\t\t\t\t\t<\/div>\n\t\t\t\t<\/div>\n\t\t\t\t<\/div>\n\t\t\t\t<div class=\"elementor-element elementor-element-b2020bc elementor-widget-divider--view-line elementor-widget elementor-widget-divider\" data-id=\"b2020bc\" data-element_type=\"widget\" data-widget_type=\"divider.default\">\n\t\t\t\t<div class=\"elementor-widget-container\">\n\t\t\t\t\t<div class=\"elementor-divider\">\n\t\t\t<span class=\"elementor-divider-separator\">\n\t\t\t\t\t\t<\/span>\n\t\t<\/div>\n\t\t\t\t<\/div>\n\t\t\t\t<\/div>\n\t\t\t\t<div class=\"elementor-element elementor-element-a63cce7 elementor-widget elementor-widget-heading\" data-id=\"a63cce7\" data-element_type=\"widget\" data-widget_type=\"heading.default\">\n\t\t\t\t<div class=\"elementor-widget-container\">\n\t\t\t<h2 class=\"elementor-heading-title elementor-size-default\">SUPPORT VOICES<\/h2>\t\t<\/div>\n\t\t\t\t<\/div>\n\t\t\t\t<div class=\"elementor-element elementor-element-73f2c58 elementor-widget elementor-widget-text-editor\" data-id=\"73f2c58\" data-element_type=\"widget\" data-widget_type=\"text-editor.default\">\n\t\t\t\t<div class=\"elementor-widget-container\">\n\t\t\t\t\t\t\t<p>Paolo Vignolo<br \/>Edgar Alberto Mu\u00f1oz Vargas<br \/>Mauricio D\u00edaz<br \/>Atahualpa Americe<br \/>Rafael Abuchaibe<br \/>Andrea D\u00edaz Cardona<br \/>M\u00f3nica Sol\u00eds Vergara<br \/>Graciela Z\u00fa\u00f1iga Larrahondo<\/p>\t\t\t\t\t\t<\/div>\n\t\t\t\t<\/div>\n\t\t\t\t<div class=\"elementor-element elementor-element-947435d elementor-widget-divider--view-line elementor-widget elementor-widget-divider\" data-id=\"947435d\" data-element_type=\"widget\" data-widget_type=\"divider.default\">\n\t\t\t\t<div class=\"elementor-widget-container\">\n\t\t\t\t\t<div class=\"elementor-divider\">\n\t\t\t<span class=\"elementor-divider-separator\">\n\t\t\t\t\t\t<\/span>\n\t\t<\/div>\n\t\t\t\t<\/div>\n\t\t\t\t<\/div>\n\t\t\t\t<div class=\"elementor-element elementor-element-ece3ffd elementor-widget elementor-widget-heading\" data-id=\"ece3ffd\" data-element_type=\"widget\" data-widget_type=\"heading.default\">\n\t\t\t\t<div class=\"elementor-widget-container\">\n\t\t\t<h2 class=\"elementor-heading-title elementor-size-default\">NUESTRA ORILLA USED THE FOLLOWING AUDIO ARCHIVES<\/h2>\t\t<\/div>\n\t\t\t\t<\/div>\n\t\t\t\t<div class=\"elementor-element elementor-element-f60d524 elementor-widget elementor-widget-toggle\" data-id=\"f60d524\" data-element_type=\"widget\" data-widget_type=\"toggle.default\">\n\t\t\t\t<div class=\"elementor-widget-container\">\n\t\t\t\t\t<div class=\"elementor-toggle\">\n\t\t\t\t\t\t\t<div class=\"elementor-toggle-item\">\n\t\t\t\t\t<div id=\"elementor-tab-title-2581\" class=\"elementor-tab-title\" data-tab=\"1\" role=\"button\" aria-controls=\"elementor-tab-content-2581\" aria-expanded=\"false\">\n\t\t\t\t\t\t\t\t\t\t\t\t<span class=\"elementor-toggle-icon elementor-toggle-icon-left\" aria-hidden=\"true\">\n\t\t\t\t\t\t\t\t\t\t\t\t\t\t\t<span class=\"elementor-toggle-icon-closed\"><svg class=\"e-font-icon-svg e-fas-caret-down\" viewbox=\"0 0 320 512\" xmlns=\"http:\/\/www.w3.org\/2000\/svg\"><path d=\"M31.3 192h257.3c17.8 0 26.7 21.5 14.1 34.1L174.1 354.8c-7.8 7.8-20.5 7.8-28.3 0L17.2 226.1C4.6 213.5 13.5 192 31.3 192z\"><\/path><\/svg><\/span>\n\t\t\t\t\t\t\t\t<span class=\"elementor-toggle-icon-opened\"><svg class=\"elementor-toggle-icon-opened e-font-icon-svg e-fas-angle-up\" viewbox=\"0 0 320 512\" xmlns=\"http:\/\/www.w3.org\/2000\/svg\"><path d=\"M177 159.7l136 136c9.4 9.4 9.4 24.6 0 33.9l-22.6 22.6c-9.4 9.4-24.6 9.4-33.9 0L160 255.9l-96.4 96.4c-9.4 9.4-24.6 9.4-33.9 0L7 329.7c-9.4-9.4-9.4-24.6 0-33.9l136-136c9.4-9.5 24.6-9.5 34-.1z\"><\/path><\/svg><\/span>\n\t\t\t\t\t\t\t\t\t\t\t\t\t<\/span>\n\t\t\t\t\t\t\t\t\t\t\t\t<a class=\"elementor-toggle-title\" tabindex=\"0\">EPISODE 1<\/a>\n\t\t\t\t\t<\/div>\n\n\t\t\t\t\t<div id=\"elementor-tab-content-2581\" class=\"elementor-tab-content elementor-clearfix\" data-tab=\"1\" role=\"region\" aria-labelledby=\"elementor-tab-title-2581\"><ul><li><a href=\"https:\/\/www.youtube.com\/watch?v=s4f8DXPaD8o\" target=\"_blank\" rel=\"noopener\">Noticias Caracol<\/a>. \u00bb \u201cTodos los males que pueda tener Colombia est\u00e1n en el Choc\u00f3\u201d, dice defensor del Pueblo\u00bb. Junio 22, 2020.<\/li><li><a href=\"https:\/\/www.youtube.com\/watch?v=UkZ7gjGgqDc\" target=\"_blank\" rel=\"noopener\">La Pulla.<\/a> \u00abChoc\u00f3: el para\u00edso de los corruptos\u00bb. Septiembre 2, 2019.<\/li><li><a href=\"https:\/\/www.youtube.com\/watch?v=uKovXWLEDyI\" target=\"_blank\" rel=\"noopener\">Noticias Caracol.<\/a> \u00ab\u00bfIndigna lo de Venezuela? Estas cifras del Choc\u00f3 tambi\u00e9n causan tristeza\u00bb. Marzo 15, 2019.<\/li><li><a href=\"https:\/\/www.youtube.com\/watch?v=iLZHpXR0bAk\" target=\"_blank\" rel=\"noopener\">Felipe Hincapi\u00e9<\/a>. \u00abPerfume a un bollo\u00bb. Mayo 12, 2012.<\/li><li><a href=\"https:\/\/www.youtube.com\/watch?v=wQJvDwF_KWc\" target=\"_blank\" rel=\"noopener\">Noticias Caracol<\/a>. \u00abNo sabe con qui\u00e9n se meti\u00f3: \u00bfsobrino de C\u00e9sar Gaviria protagoniza esc\u00e1ndalo?\u00bb Marzo 3, 2015.<\/li><li><a href=\"https:\/\/www.youtube.com\/watch?v=5H_7mGD1P6E\" target=\"_blank\" rel=\"noopener\">BluRadio.<\/a> \u00abNicol\u00e1s Gaviria, familiar de C\u00e9sar Gaviria, protagoniza escandalosa pelea en un bar de Bogot\u00e1\u00bb. Marzo 3, 2015.<\/li><li><a href=\"https:\/\/www.youtube.com\/watch?v=SdlkpdXmEAw&amp;t=4s\" target=\"_blank\" rel=\"noopener\">W Radio Colombia<\/a>. \u00abDeshonroso puesto: Colombia es el segundo pa\u00eds m\u00e1s desigual de Latinoam\u00e9rica\u00bb. Octubre 28, 2021.<\/li><li><a href=\"https:\/\/noticias.caracoltv.com\/informes-especiales\/choco-el-fracaso-del-estado-les-quedo-grande-a-los-gobiernos-darle-dignidad-a-este-departamento\" target=\"_blank\" rel=\"noopener\">Noticias Caracol<\/a> \u00abChoc\u00f3, el fracaso del Estado: \u00bfles qued\u00f3 grande a los gobiernos darle dignidad a este departamento?\u00bb. Video. Junio 22, 2020.<\/li><\/ul><\/div>\n\t\t\t\t<\/div>\n\t\t\t\t\t\t\t<div class=\"elementor-toggle-item\">\n\t\t\t\t\t<div id=\"elementor-tab-title-2582\" class=\"elementor-tab-title\" data-tab=\"2\" role=\"button\" aria-controls=\"elementor-tab-content-2582\" aria-expanded=\"false\">\n\t\t\t\t\t\t\t\t\t\t\t\t<span class=\"elementor-toggle-icon elementor-toggle-icon-left\" aria-hidden=\"true\">\n\t\t\t\t\t\t\t\t\t\t\t\t\t\t\t<span class=\"elementor-toggle-icon-closed\"><svg class=\"e-font-icon-svg e-fas-caret-down\" viewbox=\"0 0 320 512\" xmlns=\"http:\/\/www.w3.org\/2000\/svg\"><path d=\"M31.3 192h257.3c17.8 0 26.7 21.5 14.1 34.1L174.1 354.8c-7.8 7.8-20.5 7.8-28.3 0L17.2 226.1C4.6 213.5 13.5 192 31.3 192z\"><\/path><\/svg><\/span>\n\t\t\t\t\t\t\t\t<span class=\"elementor-toggle-icon-opened\"><svg class=\"elementor-toggle-icon-opened e-font-icon-svg e-fas-angle-up\" viewbox=\"0 0 320 512\" xmlns=\"http:\/\/www.w3.org\/2000\/svg\"><path d=\"M177 159.7l136 136c9.4 9.4 9.4 24.6 0 33.9l-22.6 22.6c-9.4 9.4-24.6 9.4-33.9 0L160 255.9l-96.4 96.4c-9.4 9.4-24.6 9.4-33.9 0L7 329.7c-9.4-9.4-9.4-24.6 0-33.9l136-136c9.4-9.5 24.6-9.5 34-.1z\"><\/path><\/svg><\/span>\n\t\t\t\t\t\t\t\t\t\t\t\t\t<\/span>\n\t\t\t\t\t\t\t\t\t\t\t\t<a class=\"elementor-toggle-title\" tabindex=\"0\">EPISODE 4<\/a>\n\t\t\t\t\t<\/div>\n\n\t\t\t\t\t<div id=\"elementor-tab-content-2582\" class=\"elementor-tab-content elementor-clearfix\" data-tab=\"2\" role=\"region\" aria-labelledby=\"elementor-tab-title-2582\"><ul><li>Se\u00f1al Memoria.<br \/>Video: Programar Televisi\u00f3n. \u00ab<a href=\"https:\/\/catalogo.senalmemoria.co\/cgi-bin\/koha\/opac-detail.pl?biblionumber=210789\" target=\"_blank\" rel=\"noopener\">Miles de personas desplazadas se refugian de la violencia en Urab\u00e1<\/a>\u00ab, 1997, BTCX60-064257.<\/li><\/ul><\/div>\n\t\t\t\t<\/div>\n\t\t\t\t\t\t\t<div class=\"elementor-toggle-item\">\n\t\t\t\t\t<div id=\"elementor-tab-title-2583\" class=\"elementor-tab-title\" data-tab=\"3\" role=\"button\" aria-controls=\"elementor-tab-content-2583\" aria-expanded=\"false\">\n\t\t\t\t\t\t\t\t\t\t\t\t<span class=\"elementor-toggle-icon elementor-toggle-icon-left\" aria-hidden=\"true\">\n\t\t\t\t\t\t\t\t\t\t\t\t\t\t\t<span class=\"elementor-toggle-icon-closed\"><svg class=\"e-font-icon-svg e-fas-caret-down\" viewbox=\"0 0 320 512\" xmlns=\"http:\/\/www.w3.org\/2000\/svg\"><path d=\"M31.3 192h257.3c17.8 0 26.7 21.5 14.1 34.1L174.1 354.8c-7.8 7.8-20.5 7.8-28.3 0L17.2 226.1C4.6 213.5 13.5 192 31.3 192z\"><\/path><\/svg><\/span>\n\t\t\t\t\t\t\t\t<span class=\"elementor-toggle-icon-opened\"><svg class=\"elementor-toggle-icon-opened e-font-icon-svg e-fas-angle-up\" viewbox=\"0 0 320 512\" xmlns=\"http:\/\/www.w3.org\/2000\/svg\"><path d=\"M177 159.7l136 136c9.4 9.4 9.4 24.6 0 33.9l-22.6 22.6c-9.4 9.4-24.6 9.4-33.9 0L160 255.9l-96.4 96.4c-9.4 9.4-24.6 9.4-33.9 0L7 329.7c-9.4-9.4-9.4-24.6 0-33.9l136-136c9.4-9.5 24.6-9.5 34-.1z\"><\/path><\/svg><\/span>\n\t\t\t\t\t\t\t\t\t\t\t\t\t<\/span>\n\t\t\t\t\t\t\t\t\t\t\t\t<a class=\"elementor-toggle-title\" tabindex=\"0\">EPISODE 5<\/a>\n\t\t\t\t\t<\/div>\n\n\t\t\t\t\t<div id=\"elementor-tab-content-2583\" class=\"elementor-tab-content elementor-clearfix\" data-tab=\"3\" role=\"region\" aria-labelledby=\"elementor-tab-title-2583\"><ul><li>Minuto 30.<br \/>\u00ab<a href=\"https:\/\/www.minuto30.com\/restos-serian-del-secretario-de-gobierno-riosucio\/1261851\/\" target=\"_blank\" rel=\"noopener\">Recuperaron restos \u00f3seos que ser\u00edan del Secretario de Gobierno y Alcalde (e) de Riosucio, Choc\u00f3 para el a\u00f1o 1996<\/a>\u00bb Video. Agosto 2, 2021.<\/li><li>Canal Capital. <br \/>\u00ab<a href=\"https:\/\/www.youtube.com\/watch?v=4Njcw6v-D-w\" target=\"_blank\" rel=\"noopener\">16 a\u00f1os despu\u00e9s v\u00edctimas de \u00abOperaci\u00f3n G\u00e9nesis\u00bb buscan justicia ante CIDH<\/a>\u00ab. Febrero 11, 2013.<\/li><li>El Espectador.<br \/>\u201cLa muerte acosa en zona del Choc\u00f3.\u201d El Espectador. Marzo 31, 1997. P. 6A.<\/li><li>El Tiempo.<br \/>\u201cA pie lleg\u00f3 drama del \u00e9xodo a Mutat\u00e1.\u201d El Tiempo. Marzo 31, 1997. P. 12A.<\/li><li><span style=\"font-weight: 400;\">El Espectador.<br \/>\u201cSiguen llegando m\u00e1s desplazados.\u201d El Espectador. Abril 4, 1997. P. 9A.<\/span><\/li><li>El Espectador.<br \/>\u201cMutat\u00e1, un campo de refugiados.\u201d El Espectador. Abril 19, 1997. P. 11A.<\/li><\/ul><\/div>\n\t\t\t\t<\/div>\n\t\t\t\t\t\t\t<div class=\"elementor-toggle-item\">\n\t\t\t\t\t<div id=\"elementor-tab-title-2584\" class=\"elementor-tab-title\" data-tab=\"4\" role=\"button\" aria-controls=\"elementor-tab-content-2584\" aria-expanded=\"false\">\n\t\t\t\t\t\t\t\t\t\t\t\t<span class=\"elementor-toggle-icon elementor-toggle-icon-left\" aria-hidden=\"true\">\n\t\t\t\t\t\t\t\t\t\t\t\t\t\t\t<span class=\"elementor-toggle-icon-closed\"><svg class=\"e-font-icon-svg e-fas-caret-down\" viewbox=\"0 0 320 512\" xmlns=\"http:\/\/www.w3.org\/2000\/svg\"><path d=\"M31.3 192h257.3c17.8 0 26.7 21.5 14.1 34.1L174.1 354.8c-7.8 7.8-20.5 7.8-28.3 0L17.2 226.1C4.6 213.5 13.5 192 31.3 192z\"><\/path><\/svg><\/span>\n\t\t\t\t\t\t\t\t<span class=\"elementor-toggle-icon-opened\"><svg class=\"elementor-toggle-icon-opened e-font-icon-svg e-fas-angle-up\" viewbox=\"0 0 320 512\" xmlns=\"http:\/\/www.w3.org\/2000\/svg\"><path d=\"M177 159.7l136 136c9.4 9.4 9.4 24.6 0 33.9l-22.6 22.6c-9.4 9.4-24.6 9.4-33.9 0L160 255.9l-96.4 96.4c-9.4 9.4-24.6 9.4-33.9 0L7 329.7c-9.4-9.4-9.4-24.6 0-33.9l136-136c9.4-9.5 24.6-9.5 34-.1z\"><\/path><\/svg><\/span>\n\t\t\t\t\t\t\t\t\t\t\t\t\t<\/span>\n\t\t\t\t\t\t\t\t\t\t\t\t<a class=\"elementor-toggle-title\" tabindex=\"0\">EPISODE 6<\/a>\n\t\t\t\t\t<\/div>\n\n\t\t\t\t\t<div id=\"elementor-tab-content-2584\" class=\"elementor-tab-content elementor-clearfix\" data-tab=\"4\" role=\"region\" aria-labelledby=\"elementor-tab-title-2584\"><ul><li>Se\u00f1al Memoria.<br \/>Video: Programar Televisi\u00f3n. \u00ab<a href=\"https:\/\/catalogo.senalmemoria.co\/cgi-bin\/koha\/opac-detail.pl?biblionumber=210789\" target=\"_blank\" rel=\"noopener\">Miles de personas desplazadas se refugian de la violencia en Urab\u00e1<\/a>\u00ab, 1997, BTCX60-064257.<\/li><\/ul><\/div>\n\t\t\t\t<\/div>\n\t\t\t\t\t\t\t<div class=\"elementor-toggle-item\">\n\t\t\t\t\t<div id=\"elementor-tab-title-2585\" class=\"elementor-tab-title\" data-tab=\"5\" role=\"button\" aria-controls=\"elementor-tab-content-2585\" aria-expanded=\"false\">\n\t\t\t\t\t\t\t\t\t\t\t\t<span class=\"elementor-toggle-icon elementor-toggle-icon-left\" aria-hidden=\"true\">\n\t\t\t\t\t\t\t\t\t\t\t\t\t\t\t<span class=\"elementor-toggle-icon-closed\"><svg class=\"e-font-icon-svg e-fas-caret-down\" viewbox=\"0 0 320 512\" xmlns=\"http:\/\/www.w3.org\/2000\/svg\"><path d=\"M31.3 192h257.3c17.8 0 26.7 21.5 14.1 34.1L174.1 354.8c-7.8 7.8-20.5 7.8-28.3 0L17.2 226.1C4.6 213.5 13.5 192 31.3 192z\"><\/path><\/svg><\/span>\n\t\t\t\t\t\t\t\t<span class=\"elementor-toggle-icon-opened\"><svg class=\"elementor-toggle-icon-opened e-font-icon-svg e-fas-angle-up\" viewbox=\"0 0 320 512\" xmlns=\"http:\/\/www.w3.org\/2000\/svg\"><path d=\"M177 159.7l136 136c9.4 9.4 9.4 24.6 0 33.9l-22.6 22.6c-9.4 9.4-24.6 9.4-33.9 0L160 255.9l-96.4 96.4c-9.4 9.4-24.6 9.4-33.9 0L7 329.7c-9.4-9.4-9.4-24.6 0-33.9l136-136c9.4-9.5 24.6-9.5 34-.1z\"><\/path><\/svg><\/span>\n\t\t\t\t\t\t\t\t\t\t\t\t\t<\/span>\n\t\t\t\t\t\t\t\t\t\t\t\t<a class=\"elementor-toggle-title\" tabindex=\"0\">EPISODE 7<\/a>\n\t\t\t\t\t<\/div>\n\n\t\t\t\t\t<div id=\"elementor-tab-content-2585\" class=\"elementor-tab-content elementor-clearfix\" data-tab=\"5\" role=\"region\" aria-labelledby=\"elementor-tab-title-2585\"><ul><li>Historia visual media. <br \/>Video: \u00ab<a href=\"https:\/\/www.youtube.com\/watch?v=QkhVxzIIk7s\" target=\"_blank\" rel=\"noopener\">Firma constituyente 1991 Colombia<\/a>\u00ab. Julio 8, 2017.<\/li><\/ul><\/div>\n\t\t\t\t<\/div>\n\t\t\t\t\t\t\t<div class=\"elementor-toggle-item\">\n\t\t\t\t\t<div id=\"elementor-tab-title-2586\" class=\"elementor-tab-title\" data-tab=\"6\" role=\"button\" aria-controls=\"elementor-tab-content-2586\" aria-expanded=\"false\">\n\t\t\t\t\t\t\t\t\t\t\t\t<span class=\"elementor-toggle-icon elementor-toggle-icon-left\" aria-hidden=\"true\">\n\t\t\t\t\t\t\t\t\t\t\t\t\t\t\t<span class=\"elementor-toggle-icon-closed\"><svg class=\"e-font-icon-svg e-fas-caret-down\" viewbox=\"0 0 320 512\" xmlns=\"http:\/\/www.w3.org\/2000\/svg\"><path d=\"M31.3 192h257.3c17.8 0 26.7 21.5 14.1 34.1L174.1 354.8c-7.8 7.8-20.5 7.8-28.3 0L17.2 226.1C4.6 213.5 13.5 192 31.3 192z\"><\/path><\/svg><\/span>\n\t\t\t\t\t\t\t\t<span class=\"elementor-toggle-icon-opened\"><svg class=\"elementor-toggle-icon-opened e-font-icon-svg e-fas-angle-up\" viewbox=\"0 0 320 512\" xmlns=\"http:\/\/www.w3.org\/2000\/svg\"><path d=\"M177 159.7l136 136c9.4 9.4 9.4 24.6 0 33.9l-22.6 22.6c-9.4 9.4-24.6 9.4-33.9 0L160 255.9l-96.4 96.4c-9.4 9.4-24.6 9.4-33.9 0L7 329.7c-9.4-9.4-9.4-24.6 0-33.9l136-136c9.4-9.5 24.6-9.5 34-.1z\"><\/path><\/svg><\/span>\n\t\t\t\t\t\t\t\t\t\t\t\t\t<\/span>\n\t\t\t\t\t\t\t\t\t\t\t\t<a class=\"elementor-toggle-title\" tabindex=\"0\">EPISODE 8<\/a>\n\t\t\t\t\t<\/div>\n\n\t\t\t\t\t<div id=\"elementor-tab-content-2586\" class=\"elementor-tab-content elementor-clearfix\" data-tab=\"6\" role=\"region\" aria-labelledby=\"elementor-tab-title-2586\"><ul><li>Canal Capital. <br \/>Video: \u00ab<a href=\"https:\/\/www.youtube.com\/watch?v=lN07JhWV-0E\" target=\"_blank\" rel=\"noopener\">La firma del Acuerdo de Paz en Cartagena<\/a>\u00ab. Septiembre 26, 2016.<\/li><li>Zarcoman. <br \/>Video: \u00ab<a href=\"https:\/\/www.youtube.com\/watch?v=PT22zDQBQyY\" target=\"_blank\" rel=\"noopener\">Bojay\u00e1 Choco<\/a>\u00ab, Junio 4, 2007.<\/li><li>Tierra Resistentes. <br \/>Video: \u00ab<a href=\"https:\/\/www.youtube.com\/watch?v=V1r05k4Q1G8&amp;t=127s\" target=\"_blank\" rel=\"noopener\">Tierra de Resistentes &#8211; Deforestaci\u00f3n en el Bajo Atrato y el Dari\u00e9n chocoano<\/a>\u00ab, Abril 26, 2019. <\/li><\/ul><\/div>\n\t\t\t\t<\/div>\n\t\t\t\t\t\t\t\t<\/div>\n\t\t\t\t<\/div>\n\t\t\t\t<\/div>\n\t\t\t\t<div class=\"elementor-element elementor-element-721cff8 elementor-widget elementor-widget-heading\" data-id=\"721cff8\" data-element_type=\"widget\" data-widget_type=\"heading.default\">\n\t\t\t\t<div class=\"elementor-widget-container\">\n\t\t\t<h2 class=\"elementor-heading-title elementor-size-default\">BIBLIOGRAPHY<\/h2>\t\t<\/div>\n\t\t\t\t<\/div>\n\t\t\t\t<div class=\"elementor-element elementor-element-ae6878d elementor-widget elementor-widget-text-editor\" data-id=\"ae6878d\" data-element_type=\"widget\" data-widget_type=\"text-editor.default\">\n\t\t\t\t<div class=\"elementor-widget-container\">\n\t\t\t\t\t\t\t<ul><li><span style=\"font-weight: 400;\">Almario, Oscar. 2001. \u201cTras las huellas de los renacientes. Por el laberinto de la etnicidad e identidad de los grupos negros o \u2018Afrocolombianos\u2019 del pac\u00edfico Sur.\u201d En <\/span><i><span style=\"font-weight: 400;\">Acci\u00f3n Colectiva, Estado y Etnicidad En El Pac\u00edfico Colombiano<\/span><\/i><span style=\"font-weight: 400;\">, editado por Mauricio Pardo, 15\u201339. Bogot\u00e1: Instituto Colombiano de Antropolog\u00eda e Historia.<\/span><\/li><li><span style=\"font-weight: 400;\">Chica Jim\u00e9nez, Felipe, Paco G\u00f3mez Nadal, y Ana Luisa Ram\u00edrez Fl\u00f3rez. 2017. <\/span><i><span style=\"font-weight: 400;\">Las Heridas de Riosucio. 1996-2017<\/span><\/i><span style=\"font-weight: 400;\">. Cali: Universidad Aut\u00f3noma de Occidente.<\/span><\/li><li><span style=\"font-weight: 400;\">Codazzi, Agust\u00edn. 1970.\u00a0 <\/span><a href=\"https:\/\/catalogoenlinea.bibliotecanacional.gov.co\/client\/es_ES\/search\/asset\/73375\/0\" target=\"_blank\" rel=\"noopener\"><i><span style=\"font-weight: 400;\">Las Memorias<\/span><\/i><\/a><span style=\"font-weight: 400;\">. Traducci\u00f3n de Marisa Vannini de Gerulewicz. Caracas: Universidad Central de Venezuela.<\/span><\/li><li><span style=\"font-weight: 400;\">Comisi\u00f3n Intereclesial de Justicia y Paz. 2005. <\/span><i><span style=\"font-weight: 400;\">La Tramoya: Derechos Humanos y Palma Aceitera, Curvarad\u00f3 y Jiguamiand\u00f3<\/span><\/i><span style=\"font-weight: 400;\">. Bogot\u00e1: Cinep y Comisi\u00f3n Intereclesial de Justicia y Paz.<\/span><\/li><li><span style=\"font-weight: 400;\">DANE. <a href=\"https:\/\/biblioteca.dane.gov.co\/media\/libros\/LB_802_1951_V_1.PDF\" target=\"_blank\" rel=\"noopener\">Censo de poblaci\u00f3n de 1951<\/a>. Departamento del Choc\u00f3.\u00a0<\/span><\/li><li><span style=\"font-weight: 400;\">Franco, Vilma y Juan Restrepo. 2011. \u201cEmpresarios palmeros, poderes de facto y despojo de tierras en el Bajo Atrato.\u201d En <\/span><i><span style=\"font-weight: 400;\">La Econom\u00eda de Los Paramilitares: Redes de Corrupci\u00f3n, Negocios y Pol\u00edtica<\/span><\/i><span style=\"font-weight: 400;\">, editado por Mauricio Romero, 269\u2013410. Bogot\u00e1: Corporaci\u00f3n Nuevo Arco Iris.<\/span><\/li><li><span style=\"font-weight: 400;\">G\u00f3mez, Laureano. 1928. <\/span><a href=\"https:\/\/publicaciones.banrepcultural.org\/index.php\/boletin_cultural\/article\/view\/3537\/3639\" target=\"_blank\" rel=\"noopener\"><i><span style=\"font-weight: 400;\">Interrogantes sobre el Progreso de Colombia<\/span><\/i><\/a><span style=\"font-weight: 400;\">. Bogot\u00e1: Editorial Minerva.<\/span><\/li><li><span style=\"font-weight: 400;\">Hansen, Carolyne Anne. 1991. <\/span><i><span style=\"font-weight: 400;\"><a href=\"http:\/\/wrap.warwick.ac.uk\/35756\/1\/WRAP_THESIS_Hansen_1991.pdf\" target=\"_blank\" rel=\"noopener\">Conquest and Colonization in the Colombian Choc\u00f3<\/a>, 1510-1740<\/span><\/i><span style=\"font-weight: 400;\">. Phd. University of Warwick.<\/span><\/li><li><span style=\"font-weight: 400;\">Hozt. John. 1861. <\/span><a href=\"https:\/\/books.google.com.co\/books?id=539ZAAAAcAAJ&amp;printsec=frontcover&amp;source=gbs_ge_summary_r&amp;cad=0#v=onepage&amp;q=holt&amp;f=false\" target=\"_blank\" rel=\"noopener\"><i><span style=\"font-weight: 400;\">Report of the Secretary of War, communicating, in compliance with a resolution of the Senate, Lieutenant Michler&#8217;s report of his survey for an interoceanic ship canal near the Isthmus of Darien<\/span><\/i><\/a><span style=\"font-weight: 400;\">. February 15, 1861.<\/span><\/li><li><span style=\"font-weight: 400;\">Jim\u00e9nez, Ori\u00e1n. 2004. <\/span><i><span style=\"font-weight: 400;\">El Choc\u00f3: Un Para\u00edso del Demonio. N\u00f3vita, Citar\u00e1 y el Baud\u00f3, Siglo XVIII<\/span><\/i><span style=\"font-weight: 400;\">. Medell\u00edn: Universidad de Antioquia.<\/span><\/li><li><span style=\"font-weight: 400;\">Leal, Claudia. 2020 . <\/span><i><span style=\"font-weight: 400;\">Paisajes de Libertad. El Pac\u00edfico Colombiano Despu\u00e9s de la Esclavitud<\/span><\/i><span style=\"font-weight: 400;\">. Bogot\u00e1: Ediciones Uniandes.<\/span><\/li><li><span style=\"font-weight: 400;\">Leal, Claudia y Eduardo Restrepo. 2003. <\/span><i><span style=\"font-weight: 400;\">Unos Bosques Sembrados de Aserr\u00edos. Historia de la Extracci\u00f3n Maderera en El Pac\u00edfico Colombiano<\/span><\/i><span style=\"font-weight: 400;\">. Medell\u00edn: Universidad de Antioquia.<\/span><\/li><li><span style=\"font-weight: 400;\">L\u00f3pez de Mesa, Luis. 1927 . <\/span><a href=\"https:\/\/biblioteca.academiahistoria.org.co\/pmb\/opac_css\/doc_num.php?explnum_id=1474\" target=\"_blank\" rel=\"noopener\"><i><span style=\"font-weight: 400;\">El Factor \u00c9tnico<\/span><\/i><\/a><span style=\"font-weight: 400;\">. Bogot\u00e1: Imprenta Nacional, 1927.<\/span><\/li><li><span style=\"font-weight: 400;\">Mosquera, Sergio. 2002. \u00abLos procesos de manumisi\u00f3n en las provincias del Choc\u00f3\u00bb, en <\/span><i><span style=\"font-weight: 400;\">Afrodescendientes en las Am\u00e9ricas: Trayectorias Sociales e Identitarias a 150 a\u00f1os de la Abolici\u00f3n de la Esclavitud en Colombia. <\/span><\/i><span style=\"font-weight: 400;\">Editado por Claudia Mosquera, et. al., 113-118. Bogot\u00e1: Universidad Nacional de Colombia.<\/span><\/li><li><span style=\"font-weight: 400;\">Restrepo, Eduardo. 2013. <\/span><i><span style=\"font-weight: 400;\">Etnizaci\u00f3n de la Negridad: La Invenci\u00f3n de Las \u201cComunidades Negras\u201d como Grupo \u00c9tnico en Colombia<\/span><\/i><span style=\"font-weight: 400;\">. Popay\u00e1n: Universidad del Cauca.<\/span><\/li><li><span style=\"font-weight: 400;\">Ruiz-Serna, Daniel. 2005. \u201cEl Estado llega con los ricos. Lo que est\u00e1 en euego en el Bajo Atrato.\u201d <\/span><i><span style=\"font-weight: 400;\">Cien D\u00edas Vistos Por Cinep<\/span><\/i><span style=\"font-weight: 400;\"> 12 (57): 19\u201321.<\/span><\/li><li><span style=\"font-weight: 400;\">Ruiz-Serna, Daniel. 2006. \u201cNuevas formas de ser negro. Consideraciones sobre las identidades entre la gente chilapa y negra del Bajo Atrato chocoano.\u201d En <\/span><i><span style=\"font-weight: 400;\">Identidades Culturales y Formaci\u00f3n Del Estado en Colombia<\/span><\/i><span style=\"font-weight: 400;\">, editado por Ingrid Bol\u00edvar, 209\u201348. Bogot\u00e1: Ediciones Uniandes.<\/span><\/li><li><span style=\"font-weight: 400;\">Ruiz-Serna, Daniel. 2023. <\/span><i><span style=\"font-weight: 400;\">When Forests Run Amok. War and Its Afterlives in Indigenous and Afrocolombian Territories<\/span><\/i><span style=\"font-weight: 400;\">. Durham y London: Duke University Press.<\/span><\/li><li><span style=\"font-weight: 400;\">Sharp, William Frederick. 1976.\u00a0 <\/span><i><span style=\"font-weight: 400;\">Slavery on the Spanish Frontier. The Colombian Choc\u00f3, 1680-1810<\/span><\/i><span style=\"font-weight: 400;\">. Norman: University of Oklahoma Press.<\/span><\/li><li><span style=\"font-weight: 400;\">Sim\u00f3n, Fray Pedro. 1892. <\/span><a href=\"https:\/\/archive.org\/details\/tierrafirmeindias04simbrich\/page\/n3\/mode\/2up\" target=\"_blank\" rel=\"noopener\"><i><span style=\"font-weight: 400;\">Noticias Historiales de las Conquistas de Tierra Firme en las Indias Occidentales<\/span><\/i><\/a><span style=\"font-weight: 400;\">. Tomo IV. Tercera Parte, Segunda Noticia Historial. Bogot\u00e1: Casa Editorial de Medardo Rivas.\u00a0<\/span><\/li><li><span style=\"font-weight: 400;\">Pisano, Pietro. 2012. <\/span><i><span style=\"font-weight: 400;\">Liderazgo Pol\u00edtico \u2018Negro\u2019 en Colombia, 1943-1964<\/span><\/i><span style=\"font-weight: 400;\">. Bogot\u00e1: Universidad Nacional de Colombia.<\/span><\/li><li><span style=\"font-weight: 400;\">Urrea Giraldo, Fernando. 2011. \u201c<a href=\"http:\/\/www.scielo.org.co\/pdf\/res\/n39\/n39a03.pdf\" target=\"_blank\" rel=\"noopener\">La conformaci\u00f3n paulatina de clases medias negras en Cali y Bogot\u00e1 a lo largo del siglo XX y la primera d\u00e9cada del XXI<\/a>\u201d. <\/span><i><span style=\"font-weight: 400;\">Revista de Estudios Sociales<\/span><\/i><span style=\"font-weight: 400;\"> 39: 24-41.<\/span><\/li><li><span style=\"font-weight: 400;\">Valencia, Armando. 2013. \u201cAlternativas organizativas ante la guerra y el desplazamiento en el Bajo Atrato.\u201d <\/span><i><span style=\"font-weight: 400;\">Revista de Estudios Del Pac\u00edfico Colombiano<\/span><\/i><span style=\"font-weight: 400;\"> 1: 57\u201381.<\/span><\/li><li><span style=\"font-weight: 400;\">Vargas, Jennifer. 2016. \u201cDespojo de tierras paramilitar en Riosucio, Choc\u00f3.\u201d En <\/span><i><span style=\"font-weight: 400;\">El Despojo Paramilitar y Su Variaci\u00f3n: Qui\u00e9nes, C\u00f3mo, Por Qu\u00e9&#8230;<\/span><\/i><span style=\"font-weight: 400;\">, editado por Francisco Guti\u00e9rrez y Jennifer Vargas, 121\u201346. Bogot\u00e1: Universidad del Rosario.<\/span><\/li><\/ul>\t\t\t\t\t\t<\/div>\n\t\t\t\t<\/div>\n\t\t\t\t<\/div>\n\t\t\t\t\t<\/div>\n\t\t<\/div>\n\t\t\t\t<\/div>\n\t\t\t\t<\/div>\n\t\t\t\t\t<\/div>\n\t\t\t\t<\/div>\n\t\t\t\t\t<\/div>\n\t\t\t\t<\/div>\n\t\t\t\t<\/div>","protected":false},"excerpt":{"rendered":"<p>EL PROYECTO QUI\u00c9NES SOMOS CR\u00c9DITOS EL PROYECTO Nuestra Orilla es una serie sonora de ocho episodios que cuenta la historia del Bajo Atrato, una regi\u00f3n del departamento colombiano del Choc\u00f3, desde las perspectivas de sus habitantes y a trav\u00e9s de la experiencia de vida de la narradora: Ana Luisa Ram\u00edrez Fl\u00f3rez. La historia \u2013contada en [&hellip;]<\/p>","protected":false},"author":2,"featured_media":0,"parent":0,"menu_order":0,"comment_status":"closed","ping_status":"closed","template":"","meta":{"rank_math_lock_modified_date":false,"_exactmetrics_skip_tracking":false,"_exactmetrics_sitenote_active":false,"_exactmetrics_sitenote_note":"","_exactmetrics_sitenote_category":0,"footnotes":""},"class_list":["post-165","page","type-page","status-publish","hentry"],"_links":{"self":[{"href":"https:\/\/nuestraorilla.co\/en\/wp-json\/wp\/v2\/pages\/165"}],"collection":[{"href":"https:\/\/nuestraorilla.co\/en\/wp-json\/wp\/v2\/pages"}],"about":[{"href":"https:\/\/nuestraorilla.co\/en\/wp-json\/wp\/v2\/types\/page"}],"author":[{"embeddable":true,"href":"https:\/\/nuestraorilla.co\/en\/wp-json\/wp\/v2\/users\/2"}],"replies":[{"embeddable":true,"href":"https:\/\/nuestraorilla.co\/en\/wp-json\/wp\/v2\/comments?post=165"}],"version-history":[{"count":522,"href":"https:\/\/nuestraorilla.co\/en\/wp-json\/wp\/v2\/pages\/165\/revisions"}],"predecessor-version":[{"id":3360,"href":"https:\/\/nuestraorilla.co\/en\/wp-json\/wp\/v2\/pages\/165\/revisions\/3360"}],"wp:attachment":[{"href":"https:\/\/nuestraorilla.co\/en\/wp-json\/wp\/v2\/media?parent=165"}],"curies":[{"name":"wp","href":"https:\/\/api.w.org\/{rel}","templated":true}]}}